{"id":890,"date":"2024-07-30T15:39:32","date_gmt":"2024-07-30T15:39:32","guid":{"rendered":"https:\/\/www.trendnexus.org\/actualites-pertinentes-tendances-et-plus\/"},"modified":"2024-08-05T15:43:51","modified_gmt":"2024-08-05T15:43:51","slug":"actualites-pertinentes-tendances-et-plus","status":"publish","type":"page","link":"https:\/\/www.trendnexus.org\/fr\/","title":{"rendered":"Actualit\u00e9s et Tendances Mondiales qui comptent Maintenant et pour l&rsquo;Avenir"},"content":{"rendered":"<!--themify_builder_content-->\n<div id=\"themify_builder_content-890\" data-postid=\"890\" class=\"themify_builder_content themify_builder_content-890 themify_builder tf_clear\">\n                    <div  data-lazy=\"1\" class=\"module_row themify_builder_row tb_46xd866 tb_first tf_w\">\n                        <div class=\"row_inner col_align_top tb_col_count_1 tf_box tf_rel\">\n                        <div  data-lazy=\"1\" class=\"module_column tb-column col-full tb_eydm866 first\">\n                    <!-- module post -->\n<div  class=\"module module-post tb_lhiq746 \">\n    <div  class=\"builder-posts-wrap loops-wrapper grid2 tf_clear tf_clearfix\" data-lazy=\"1\">\n    <article id=\"post-1674\" class=\"post tf_clearfix post-1674 type-post status-publish format-standard has-post-thumbnail hentry category-technologie tag-5g-fr tag-conflits-diplomatiques tag-durabilite tag-iot-fr tag-streaming-fr tag-telemedecine tag-vehicules-autonomes tag-villes-intelligentes has-post-title no-post-date has-post-category has-post-tag no-post-comment no-post-author \">\n\t    \n\t                <figure class=\"post-image tf_clearfix\">\n                                                            <a href=\"https:\/\/www.trendnexus.org\/fr\/technologie\/5g-limpact-revolutionnaire-sur-lavenir-de-la-connectivite-1631-8-a\/\">\n                                        <img loading=\"lazy\" decoding=\"async\" width=\"1200\" height=\"628\" src=\"https:\/\/www.trendnexus.org\/wp-content\/uploads\/2024\/08\/5G-guide-Cover.jpg\" class=\"wp-post-image wp-image-1655\" title=\"5G guide - Cover\" alt=\"5G guide - More speed and connectivity\" srcset=\"https:\/\/www.trendnexus.org\/wp-content\/uploads\/2024\/08\/5G-guide-Cover.jpg 1200w, https:\/\/www.trendnexus.org\/wp-content\/uploads\/2024\/08\/5G-guide-Cover-300x157.jpg 300w, https:\/\/www.trendnexus.org\/wp-content\/uploads\/2024\/08\/5G-guide-Cover-1024x536.jpg 1024w, https:\/\/www.trendnexus.org\/wp-content\/uploads\/2024\/08\/5G-guide-Cover-768x402.jpg 768w\" sizes=\"auto, (max-width: 1200px) 100vw, 1200px\" \/>                                                                    <\/a>\n                                                                <\/figure>\n                    \t<div class=\"post-content\">\n\t\t<div class=\"post-content-inner\">\n\n\t\t\t\n\t\t\t<h2 class=\"post-title entry-title\"><a href=\"https:\/\/www.trendnexus.org\/fr\/technologie\/5g-limpact-revolutionnaire-sur-lavenir-de-la-connectivite-1631-8-a\/\">5G &#8211; L&rsquo;impact r\u00e9volutionnaire sur l&rsquo;avenir de la connectivit\u00e9<\/a><\/h2>\n\t\t\t\t\t\t\t<p class=\"post-meta entry-meta\">\n\t\t\t\t\t\n\t\t\t\t\t<span class=\"post-category\"><a href=\"https:\/\/www.trendnexus.org\/fr\/categorie\/technologie\/\" rel=\"tag\" class=\"term-technologie\">Technologie et Innovation<\/a><\/span>\n\t\t\t\t\t\t\t\t\t\t\t <span class=\"post-tag\"><a href=\"https:\/\/www.trendnexus.org\/fr\/etiquette\/5g-fr\/\" rel=\"tag\">5G<\/a><span class=\"separator\">, <\/span><a href=\"https:\/\/www.trendnexus.org\/fr\/etiquette\/conflits-diplomatiques\/\" rel=\"tag\">Conflits Diplomatiques<\/a><span class=\"separator\">, <\/span><a href=\"https:\/\/www.trendnexus.org\/fr\/etiquette\/durabilite\/\" rel=\"tag\">Durabilit\u00e9<\/a><span class=\"separator\">, <\/span><a href=\"https:\/\/www.trendnexus.org\/fr\/etiquette\/iot-fr\/\" rel=\"tag\">Internet des Objets (IoT)<\/a><span class=\"separator\">, <\/span><a href=\"https:\/\/www.trendnexus.org\/fr\/etiquette\/streaming-fr\/\" rel=\"tag\">Streaming<\/a><span class=\"separator\">, <\/span><a href=\"https:\/\/www.trendnexus.org\/fr\/etiquette\/telemedecine\/\" rel=\"tag\">T\u00e9l\u00e9m\u00e9decine<\/a><span class=\"separator\">, <\/span><a href=\"https:\/\/www.trendnexus.org\/fr\/etiquette\/vehicules-autonomes\/\" rel=\"tag\">V\u00e9hicules Autonomes<\/a><span class=\"separator\">, <\/span><a href=\"https:\/\/www.trendnexus.org\/fr\/etiquette\/villes-intelligentes\/\" rel=\"tag\">Villes Intelligentes<\/a><\/span>\t\t\t\t\t\n\t\t\t\t\t\t\t\t\t<\/p>\n\t\t\t\t<!-- \/post-meta -->\n\t\t\t\n\t\t\t\n\t\t\t        <div class=\"entry-content\">\n\n        \n            <p>La 5G promet de r\u00e9volutionner notre fa\u00e7on de vivre et de travailler avec une vitesse et une connectivit\u00e9 sans pr\u00e9c\u00e9dent. D\u00e9couvrez la technologie, ses avantages, ses d\u00e9fis et son potentiel futur.<\/p>\n\n                \n            \n        <\/div><!-- \/.entry-content -->\n        \n\t\t<\/div>\n\t\t<!-- \/.post-content-inner -->\n\t<\/div>\n\t<!-- \/.post-content -->\n\t\n<\/article>\n<!-- \/.post -->\n<article id=\"post-1572\" class=\"post tf_clearfix post-1572 type-post status-publish format-standard has-post-thumbnail hentry category-economie tag-actualites tag-conflits-diplomatiques tag-personnalites has-post-title no-post-date has-post-category has-post-tag no-post-comment no-post-author \">\n\t    \n\t                <figure class=\"post-image tf_clearfix\">\n                                                            <a href=\"https:\/\/www.trendnexus.org\/fr\/economie\/nicolas-maduro-naviguer-entre-alliances-et-tensions-mondiales-en-2024-1555-1-c\/\">\n                                        <img loading=\"lazy\" decoding=\"async\" width=\"1200\" height=\"628\" src=\"https:\/\/www.trendnexus.org\/wp-content\/uploads\/2024\/08\/Nicolas-Maduro-Presidential-ribbon.jpg\" class=\"wp-post-image wp-image-1558\" title=\"Nicolas Maduro - Presidential ribbon\" alt=\"Nicolas Maduro - With presidential ribbon\" srcset=\"https:\/\/www.trendnexus.org\/wp-content\/uploads\/2024\/08\/Nicolas-Maduro-Presidential-ribbon.jpg 1200w, https:\/\/www.trendnexus.org\/wp-content\/uploads\/2024\/08\/Nicolas-Maduro-Presidential-ribbon-300x157.jpg 300w, https:\/\/www.trendnexus.org\/wp-content\/uploads\/2024\/08\/Nicolas-Maduro-Presidential-ribbon-1024x536.jpg 1024w, https:\/\/www.trendnexus.org\/wp-content\/uploads\/2024\/08\/Nicolas-Maduro-Presidential-ribbon-768x402.jpg 768w\" sizes=\"auto, (max-width: 1200px) 100vw, 1200px\" \/>                                                                    <\/a>\n                                                                <\/figure>\n                    \t<div class=\"post-content\">\n\t\t<div class=\"post-content-inner\">\n\n\t\t\t\n\t\t\t<h2 class=\"post-title entry-title\"><a href=\"https:\/\/www.trendnexus.org\/fr\/economie\/nicolas-maduro-naviguer-entre-alliances-et-tensions-mondiales-en-2024-1555-1-c\/\">Nicol\u00e1s Maduro : Naviguer entre alliances et tensions mondiales en 2024<\/a><\/h2>\n\t\t\t\t\t\t\t<p class=\"post-meta entry-meta\">\n\t\t\t\t\t\n\t\t\t\t\t<span class=\"post-category\"><a href=\"https:\/\/www.trendnexus.org\/fr\/categorie\/economie\/\" rel=\"tag\" class=\"term-economie\">\u00c9conomie et Politique<\/a><\/span>\n\t\t\t\t\t\t\t\t\t\t\t <span class=\"post-tag\"><a href=\"https:\/\/www.trendnexus.org\/fr\/etiquette\/actualites\/\" rel=\"tag\">Actualit\u00e9s<\/a><span class=\"separator\">, <\/span><a href=\"https:\/\/www.trendnexus.org\/fr\/etiquette\/conflits-diplomatiques\/\" rel=\"tag\">Conflits Diplomatiques<\/a><span class=\"separator\">, <\/span><a href=\"https:\/\/www.trendnexus.org\/fr\/etiquette\/personnalites\/\" rel=\"tag\">Personnalit\u00e9s<\/a><\/span>\t\t\t\t\t\n\t\t\t\t\t\t\t\t\t<\/p>\n\t\t\t\t<!-- \/post-meta -->\n\t\t\t\n\t\t\t\n\t\t\t        <div class=\"entry-content\">\n\n        \n            <p>Alors que Nicol\u00e1s Maduro renforce ses liens avec la Chine, l&rsquo;avenir du Venezuela oscille entre alliances strat\u00e9giques et tensions mondiales croissantes. Ce mouvement audacieux stabilisera-t-il son r\u00e9gime ou isolera-t-il davantage la nation?<\/p>\n\n                \n            \n        <\/div><!-- \/.entry-content -->\n        \n\t\t<\/div>\n\t\t<!-- \/.post-content-inner -->\n\t<\/div>\n\t<!-- \/.post-content -->\n\t\n<\/article>\n<!-- \/.post -->\n<article id=\"post-1517\" class=\"post tf_clearfix post-1517 type-post status-publish format-standard has-post-thumbnail hentry category-sante tag-actualites tag-bien-etre-holistique tag-pleine-conscience tag-wearables-fr tag-yoga-fr has-post-title no-post-date has-post-category has-post-tag no-post-comment no-post-author \">\n\t    \n\t                <figure class=\"post-image tf_clearfix\">\n                                                            <a href=\"https:\/\/www.trendnexus.org\/fr\/sante\/le-paysage-en-evolution-de-la-pleine-conscience-en-2024-1500-1-b\/\">\n                                        <img loading=\"lazy\" decoding=\"async\" width=\"1200\" height=\"628\" src=\"https:\/\/www.trendnexus.org\/wp-content\/uploads\/2024\/08\/Mindfulness-Cover.jpg\" class=\"wp-post-image wp-image-1503\" title=\"Mindfulness Cover\" alt=\"Mindfulness - Evolving conscience to the next level\" srcset=\"https:\/\/www.trendnexus.org\/wp-content\/uploads\/2024\/08\/Mindfulness-Cover.jpg 1200w, https:\/\/www.trendnexus.org\/wp-content\/uploads\/2024\/08\/Mindfulness-Cover-300x157.jpg 300w, https:\/\/www.trendnexus.org\/wp-content\/uploads\/2024\/08\/Mindfulness-Cover-1024x536.jpg 1024w, https:\/\/www.trendnexus.org\/wp-content\/uploads\/2024\/08\/Mindfulness-Cover-768x402.jpg 768w\" sizes=\"auto, (max-width: 1200px) 100vw, 1200px\" \/>                                                                    <\/a>\n                                                                <\/figure>\n                    \t<div class=\"post-content\">\n\t\t<div class=\"post-content-inner\">\n\n\t\t\t\n\t\t\t<h2 class=\"post-title entry-title\"><a href=\"https:\/\/www.trendnexus.org\/fr\/sante\/le-paysage-en-evolution-de-la-pleine-conscience-en-2024-1500-1-b\/\">Le paysage en \u00e9volution de la pleine conscience en 2024<\/a><\/h2>\n\t\t\t\t\t\t\t<p class=\"post-meta entry-meta\">\n\t\t\t\t\t\n\t\t\t\t\t<span class=\"post-category\"><a href=\"https:\/\/www.trendnexus.org\/fr\/categorie\/sante\/\" rel=\"tag\" class=\"term-sante\">Sant\u00e9 et Bien-\u00eatre<\/a><\/span>\n\t\t\t\t\t\t\t\t\t\t\t <span class=\"post-tag\"><a href=\"https:\/\/www.trendnexus.org\/fr\/etiquette\/actualites\/\" rel=\"tag\">Actualit\u00e9s<\/a><span class=\"separator\">, <\/span><a href=\"https:\/\/www.trendnexus.org\/fr\/etiquette\/bien-etre-holistique\/\" rel=\"tag\">Bien-\u00eatre Holistique<\/a><span class=\"separator\">, <\/span><a href=\"https:\/\/www.trendnexus.org\/fr\/etiquette\/pleine-conscience\/\" rel=\"tag\">Pleine Conscience<\/a><span class=\"separator\">, <\/span><a href=\"https:\/\/www.trendnexus.org\/fr\/etiquette\/wearables-fr\/\" rel=\"tag\">Wearables<\/a><span class=\"separator\">, <\/span><a href=\"https:\/\/www.trendnexus.org\/fr\/etiquette\/yoga-fr\/\" rel=\"tag\">Yoga<\/a><\/span>\t\t\t\t\t\n\t\t\t\t\t\t\t\t\t<\/p>\n\t\t\t\t<!-- \/post-meta -->\n\t\t\t\n\t\t\t\n\t\t\t        <div class=\"entry-content\">\n\n        \n            <p>En 2024, la pleine conscience est plus qu&rsquo;une tendance\u2014c&rsquo;est un mode de vie qui am\u00e9liore la clart\u00e9 mentale, la r\u00e9silience \u00e9motionnelle et une connexion plus profonde avec soi-m\u00eame. La conscience de la pleine conscience red\u00e9finit cette pratique ancienne pour les temps modernes.<\/p>\n\n                \n            \n        <\/div><!-- \/.entry-content -->\n        \n\t\t<\/div>\n\t\t<!-- \/.post-content-inner -->\n\t<\/div>\n\t<!-- \/.post-content -->\n\t\n<\/article>\n<!-- \/.post -->\n<article id=\"post-1442\" class=\"post tf_clearfix post-1442 type-post status-publish format-standard has-post-thumbnail hentry category-sante tag-actualites tag-detox-numerique tag-durabilite tag-pleine-conscience tag-yoga-fr has-post-title no-post-date has-post-category has-post-tag no-post-comment no-post-author \">\n\t    \n\t                <figure class=\"post-image tf_clearfix\">\n                                                            <a href=\"https:\/\/www.trendnexus.org\/fr\/sante\/la-nouvelle-vague-de-yoga-en-2024-decouvrez-les-tendances-et-les-transformations-1421-1-b\/\">\n                                        <img loading=\"lazy\" decoding=\"async\" width=\"1200\" height=\"628\" src=\"https:\/\/www.trendnexus.org\/wp-content\/uploads\/2024\/08\/Yoga-in-2024-Cover.jpg\" class=\"wp-post-image wp-image-1426\" title=\"Yoga in 2024 Cover\" alt=\"Yoga in 2024 - Connect with yourself\" srcset=\"https:\/\/www.trendnexus.org\/wp-content\/uploads\/2024\/08\/Yoga-in-2024-Cover.jpg 1200w, https:\/\/www.trendnexus.org\/wp-content\/uploads\/2024\/08\/Yoga-in-2024-Cover-300x157.jpg 300w, https:\/\/www.trendnexus.org\/wp-content\/uploads\/2024\/08\/Yoga-in-2024-Cover-1024x536.jpg 1024w, https:\/\/www.trendnexus.org\/wp-content\/uploads\/2024\/08\/Yoga-in-2024-Cover-768x402.jpg 768w\" sizes=\"auto, (max-width: 1200px) 100vw, 1200px\" \/>                                                                    <\/a>\n                                                                <\/figure>\n                    \t<div class=\"post-content\">\n\t\t<div class=\"post-content-inner\">\n\n\t\t\t\n\t\t\t<h2 class=\"post-title entry-title\"><a href=\"https:\/\/www.trendnexus.org\/fr\/sante\/la-nouvelle-vague-de-yoga-en-2024-decouvrez-les-tendances-et-les-transformations-1421-1-b\/\">La nouvelle vague de Yoga en 2024 &#8211; D\u00e9couvrez les tendances et les transformations<\/a><\/h2>\n\t\t\t\t\t\t\t<p class=\"post-meta entry-meta\">\n\t\t\t\t\t\n\t\t\t\t\t<span class=\"post-category\"><a href=\"https:\/\/www.trendnexus.org\/fr\/categorie\/sante\/\" rel=\"tag\" class=\"term-sante\">Sant\u00e9 et Bien-\u00eatre<\/a><\/span>\n\t\t\t\t\t\t\t\t\t\t\t <span class=\"post-tag\"><a href=\"https:\/\/www.trendnexus.org\/fr\/etiquette\/actualites\/\" rel=\"tag\">Actualit\u00e9s<\/a><span class=\"separator\">, <\/span><a href=\"https:\/\/www.trendnexus.org\/fr\/etiquette\/detox-numerique\/\" rel=\"tag\">D\u00e9tox Num\u00e9rique<\/a><span class=\"separator\">, <\/span><a href=\"https:\/\/www.trendnexus.org\/fr\/etiquette\/durabilite\/\" rel=\"tag\">Durabilit\u00e9<\/a><span class=\"separator\">, <\/span><a href=\"https:\/\/www.trendnexus.org\/fr\/etiquette\/pleine-conscience\/\" rel=\"tag\">Pleine Conscience<\/a><span class=\"separator\">, <\/span><a href=\"https:\/\/www.trendnexus.org\/fr\/etiquette\/yoga-fr\/\" rel=\"tag\">Yoga<\/a><\/span>\t\t\t\t\t\n\t\t\t\t\t\t\t\t\t<\/p>\n\t\t\t\t<!-- \/post-meta -->\n\t\t\t\n\t\t\t\n\t\t\t        <div class=\"entry-content\">\n\n        \n            <p>Le yoga \u00e9volue \u00e0 l&rsquo;\u00e9chelle mondiale, alliant tradition et innovation. Du Yoga du visage aux plateformes virtuelles, explorez les tendances qui fa\u00e7onnent l&rsquo;avenir de cette pratique ancienne.<\/p>\n\n                \n            \n        <\/div><!-- \/.entry-content -->\n        \n\t\t<\/div>\n\t\t<!-- \/.post-content-inner -->\n\t<\/div>\n\t<!-- \/.post-content -->\n\t\n<\/article>\n<!-- \/.post -->\n<article id=\"post-1375\" class=\"post tf_clearfix post-1375 type-post status-publish format-standard has-post-thumbnail hentry category-technologie tag-5g-fr tag-actualites tag-iot-fr tag-villes-intelligentes has-post-title no-post-date has-post-category has-post-tag no-post-comment no-post-author \">\n\t    \n\t                <figure class=\"post-image tf_clearfix\">\n                                                            <a href=\"https:\/\/www.trendnexus.org\/fr\/technologie\/reveler-lavenir-avec-la-5g-tendances-et-innovations-faconnant-2024-1357-1-a\/\">\n                                        <img loading=\"lazy\" decoding=\"async\" width=\"1200\" height=\"628\" src=\"https:\/\/www.trendnexus.org\/wp-content\/uploads\/2024\/08\/5G-cover.jpg\" class=\"wp-post-image wp-image-1360\" title=\"5G cover\" alt=\"5G technology - fast and reliable broadband connection\" srcset=\"https:\/\/www.trendnexus.org\/wp-content\/uploads\/2024\/08\/5G-cover.jpg 1200w, https:\/\/www.trendnexus.org\/wp-content\/uploads\/2024\/08\/5G-cover-300x157.jpg 300w, https:\/\/www.trendnexus.org\/wp-content\/uploads\/2024\/08\/5G-cover-1024x536.jpg 1024w, https:\/\/www.trendnexus.org\/wp-content\/uploads\/2024\/08\/5G-cover-768x402.jpg 768w\" sizes=\"auto, (max-width: 1200px) 100vw, 1200px\" \/>                                                                    <\/a>\n                                                                <\/figure>\n                    \t<div class=\"post-content\">\n\t\t<div class=\"post-content-inner\">\n\n\t\t\t\n\t\t\t<h2 class=\"post-title entry-title\"><a href=\"https:\/\/www.trendnexus.org\/fr\/technologie\/reveler-lavenir-avec-la-5g-tendances-et-innovations-faconnant-2024-1357-1-a\/\">R\u00e9v\u00e9ler l&rsquo;avenir avec la 5G &#8211; Tendances et innovations fa\u00e7onnant 2024<\/a><\/h2>\n\t\t\t\t\t\t\t<p class=\"post-meta entry-meta\">\n\t\t\t\t\t\n\t\t\t\t\t<span class=\"post-category\"><a href=\"https:\/\/www.trendnexus.org\/fr\/categorie\/technologie\/\" rel=\"tag\" class=\"term-technologie\">Technologie et Innovation<\/a><\/span>\n\t\t\t\t\t\t\t\t\t\t\t <span class=\"post-tag\"><a href=\"https:\/\/www.trendnexus.org\/fr\/etiquette\/5g-fr\/\" rel=\"tag\">5G<\/a><span class=\"separator\">, <\/span><a href=\"https:\/\/www.trendnexus.org\/fr\/etiquette\/actualites\/\" rel=\"tag\">Actualit\u00e9s<\/a><span class=\"separator\">, <\/span><a href=\"https:\/\/www.trendnexus.org\/fr\/etiquette\/iot-fr\/\" rel=\"tag\">Internet des Objets (IoT)<\/a><span class=\"separator\">, <\/span><a href=\"https:\/\/www.trendnexus.org\/fr\/etiquette\/villes-intelligentes\/\" rel=\"tag\">Villes Intelligentes<\/a><\/span>\t\t\t\t\t\n\t\t\t\t\t\t\t\t\t<\/p>\n\t\t\t\t<!-- \/post-meta -->\n\t\t\t\n\t\t\t\n\t\t\t        <div class=\"entry-content\">\n\n        \n            <p>D\u00e9couvrez les derni\u00e8res tendances et innovations 5G en 2024, y compris l&rsquo;Open RAN, la 5G-Advanced et l&rsquo;essor des r\u00e9seaux priv\u00e9s. D\u00e9couvrez comment ces avanc\u00e9es red\u00e9finissent la connectivit\u00e9 et stimulent la croissance industrielle.<\/p>\n\n                \n            \n        <\/div><!-- \/.entry-content -->\n        \n\t\t<\/div>\n\t\t<!-- \/.post-content-inner -->\n\t<\/div>\n\t<!-- \/.post-content -->\n\t\n<\/article>\n<!-- \/.post -->\n<article id=\"post-1326\" class=\"post tf_clearfix post-1326 type-post status-publish format-standard has-post-thumbnail hentry category-carriere-et-education tag-5g-fr tag-actualites tag-coworking-fr tag-equilibre-travail-vie tag-nomades-numeriques tag-travail-hybride has-post-title no-post-date has-post-category has-post-tag no-post-comment no-post-author \">\n\t    \n\t                <figure class=\"post-image tf_clearfix\">\n                                                            <a href=\"https:\/\/www.trendnexus.org\/fr\/carriere-et-education\/visas-pour-nomades-digitaux-la-nouvelle-frontiere-du-travail-a-distance-en-2024-1306-1-e\/\">\n                                        <img loading=\"lazy\" decoding=\"async\" width=\"1200\" height=\"628\" src=\"https:\/\/www.trendnexus.org\/wp-content\/uploads\/2024\/08\/Digital-Nomad-Visas-Cover.jpg\" class=\"wp-post-image wp-image-1316\" title=\"Digital Nomad Visas Cover\" alt=\"Digital Nomad Visas Cover\" srcset=\"https:\/\/www.trendnexus.org\/wp-content\/uploads\/2024\/08\/Digital-Nomad-Visas-Cover.jpg 1200w, https:\/\/www.trendnexus.org\/wp-content\/uploads\/2024\/08\/Digital-Nomad-Visas-Cover-300x157.jpg 300w, https:\/\/www.trendnexus.org\/wp-content\/uploads\/2024\/08\/Digital-Nomad-Visas-Cover-1024x536.jpg 1024w, https:\/\/www.trendnexus.org\/wp-content\/uploads\/2024\/08\/Digital-Nomad-Visas-Cover-768x402.jpg 768w\" sizes=\"auto, (max-width: 1200px) 100vw, 1200px\" \/>                                                                    <\/a>\n                                                                <\/figure>\n                    \t<div class=\"post-content\">\n\t\t<div class=\"post-content-inner\">\n\n\t\t\t\n\t\t\t<h2 class=\"post-title entry-title\"><a href=\"https:\/\/www.trendnexus.org\/fr\/carriere-et-education\/visas-pour-nomades-digitaux-la-nouvelle-frontiere-du-travail-a-distance-en-2024-1306-1-e\/\">Visas pour Nomades Digitaux &#8211; La nouvelle fronti\u00e8re du travail \u00e0 distance en 2024<\/a><\/h2>\n\t\t\t\t\t\t\t<p class=\"post-meta entry-meta\">\n\t\t\t\t\t\n\t\t\t\t\t<span class=\"post-category\"><a href=\"https:\/\/www.trendnexus.org\/fr\/categorie\/carriere-et-education\/\" rel=\"tag\" class=\"term-carriere-et-education\">Carri\u00e8re et \u00c9ducation<\/a><\/span>\n\t\t\t\t\t\t\t\t\t\t\t <span class=\"post-tag\"><a href=\"https:\/\/www.trendnexus.org\/fr\/etiquette\/5g-fr\/\" rel=\"tag\">5G<\/a><span class=\"separator\">, <\/span><a href=\"https:\/\/www.trendnexus.org\/fr\/etiquette\/actualites\/\" rel=\"tag\">Actualit\u00e9s<\/a><span class=\"separator\">, <\/span><a href=\"https:\/\/www.trendnexus.org\/fr\/etiquette\/coworking-fr\/\" rel=\"tag\">Coworking<\/a><span class=\"separator\">, <\/span><a href=\"https:\/\/www.trendnexus.org\/fr\/etiquette\/equilibre-travail-vie\/\" rel=\"tag\">\u00c9quilibre Travail-Vie<\/a><span class=\"separator\">, <\/span><a href=\"https:\/\/www.trendnexus.org\/fr\/etiquette\/nomades-numeriques\/\" rel=\"tag\">Nomades Num\u00e9riques<\/a><span class=\"separator\">, <\/span><a href=\"https:\/\/www.trendnexus.org\/fr\/etiquette\/travail-hybride\/\" rel=\"tag\">Travail Hybride<\/a><\/span>\t\t\t\t\t\n\t\t\t\t\t\t\t\t\t<\/p>\n\t\t\t\t<!-- \/post-meta -->\n\t\t\t\n\t\t\t\n\t\t\t        <div class=\"entry-content\">\n\n        \n            <p>Les visas pour nomades digitaux transforment le travail \u00e0 distance en 2024. D\u00e9couvrez les principales destinations comme l&rsquo;Estonie et le Costa Rica, des points \u00e9mergents comme la G\u00e9orgie et des conseils pratiques pour maintenir un mode de vie \u00e9quilibr\u00e9 et connect\u00e9 tout en travaillant \u00e0 l&rsquo;\u00e9tranger.<\/p>\n\n                \n            \n        <\/div><!-- \/.entry-content -->\n        \n\t\t<\/div>\n\t\t<!-- \/.post-content-inner -->\n\t<\/div>\n\t<!-- \/.post-content -->\n\t\n<\/article>\n<!-- \/.post -->\n<article id=\"post-1247\" class=\"post tf_clearfix post-1247 type-post status-publish format-standard has-post-thumbnail hentry category-carriere-et-education tag-5g-fr tag-actualites tag-coworking-fr tag-equilibre-travail-vie tag-gestion-a-distance tag-nomades-numeriques tag-travail-hybride has-post-title no-post-date has-post-category has-post-tag no-post-comment no-post-author \">\n\t    \n\t                <figure class=\"post-image tf_clearfix\">\n                                                            <a href=\"https:\/\/www.trendnexus.org\/fr\/carriere-et-education\/nomades-digitaux-en-2024-tendances-mondiales-et-destinations-emergentes-1223-1-e\/\">\n                                        <img loading=\"lazy\" decoding=\"async\" width=\"1200\" height=\"686\" src=\"https:\/\/www.trendnexus.org\/wp-content\/uploads\/2024\/08\/Digital-nomads-working-in-various-scenic-locations-around-the-world-in-2024.webp\" class=\"wp-post-image wp-image-1226\" title=\"Digital nomads working in various scenic locations around the world in 2024\" alt=\"Digital nomads working in various scenic locations around the world in 2024\" srcset=\"https:\/\/www.trendnexus.org\/wp-content\/uploads\/2024\/08\/Digital-nomads-working-in-various-scenic-locations-around-the-world-in-2024.webp 1200w, https:\/\/www.trendnexus.org\/wp-content\/uploads\/2024\/08\/Digital-nomads-working-in-various-scenic-locations-around-the-world-in-2024-300x172.webp 300w, https:\/\/www.trendnexus.org\/wp-content\/uploads\/2024\/08\/Digital-nomads-working-in-various-scenic-locations-around-the-world-in-2024-1024x585-1024x585.webp 1024w, https:\/\/www.trendnexus.org\/wp-content\/uploads\/2024\/08\/Digital-nomads-working-in-various-scenic-locations-around-the-world-in-2024-768x439.webp 768w, https:\/\/www.trendnexus.org\/wp-content\/uploads\/2024\/08\/Digital-nomads-working-in-various-scenic-locations-around-the-world-in-2024-1024x585-561x321.webp 561w\" sizes=\"auto, (max-width: 1200px) 100vw, 1200px\" \/>                                                                    <\/a>\n                                                                <\/figure>\n                    \t<div class=\"post-content\">\n\t\t<div class=\"post-content-inner\">\n\n\t\t\t\n\t\t\t<h2 class=\"post-title entry-title\"><a href=\"https:\/\/www.trendnexus.org\/fr\/carriere-et-education\/nomades-digitaux-en-2024-tendances-mondiales-et-destinations-emergentes-1223-1-e\/\">Nomades Digitaux en 2024 &#8211; Tendances mondiales et destinations \u00e9mergentes<\/a><\/h2>\n\t\t\t\t\t\t\t<p class=\"post-meta entry-meta\">\n\t\t\t\t\t\n\t\t\t\t\t<span class=\"post-category\"><a href=\"https:\/\/www.trendnexus.org\/fr\/categorie\/carriere-et-education\/\" rel=\"tag\" class=\"term-carriere-et-education\">Carri\u00e8re et \u00c9ducation<\/a><\/span>\n\t\t\t\t\t\t\t\t\t\t\t <span class=\"post-tag\"><a href=\"https:\/\/www.trendnexus.org\/fr\/etiquette\/5g-fr\/\" rel=\"tag\">5G<\/a><span class=\"separator\">, <\/span><a href=\"https:\/\/www.trendnexus.org\/fr\/etiquette\/actualites\/\" rel=\"tag\">Actualit\u00e9s<\/a><span class=\"separator\">, <\/span><a href=\"https:\/\/www.trendnexus.org\/fr\/etiquette\/coworking-fr\/\" rel=\"tag\">Coworking<\/a><span class=\"separator\">, <\/span><a href=\"https:\/\/www.trendnexus.org\/fr\/etiquette\/equilibre-travail-vie\/\" rel=\"tag\">\u00c9quilibre Travail-Vie<\/a><span class=\"separator\">, <\/span><a href=\"https:\/\/www.trendnexus.org\/fr\/etiquette\/gestion-a-distance\/\" rel=\"tag\">Gestion \u00e0 Distance<\/a><span class=\"separator\">, <\/span><a href=\"https:\/\/www.trendnexus.org\/fr\/etiquette\/nomades-numeriques\/\" rel=\"tag\">Nomades Num\u00e9riques<\/a><span class=\"separator\">, <\/span><a href=\"https:\/\/www.trendnexus.org\/fr\/etiquette\/travail-hybride\/\" rel=\"tag\">Travail Hybride<\/a><\/span>\t\t\t\t\t\n\t\t\t\t\t\t\t\t\t<\/p>\n\t\t\t\t<!-- \/post-meta -->\n\t\t\t\n\t\t\t\n\t\t\t        <div class=\"entry-content\">\n\n        \n            <p>Le mode de vie des nomades digitaux continue de prosp\u00e9rer en 2024, stimul\u00e9 par les avanc\u00e9es technologiques et les dynamiques de travail changeantes. Mettez en lumi\u00e8re les derni\u00e8res tendances, les destinations populaires et ce qui attend les travailleurs \u00e0 distance dans le monde entier.<\/p>\n\n                \n            \n        <\/div><!-- \/.entry-content -->\n        \n\t\t<\/div>\n\t\t<!-- \/.post-content-inner -->\n\t<\/div>\n\t<!-- \/.post-content -->\n\t\n<\/article>\n<!-- \/.post -->\n<article id=\"post-1200\" class=\"post tf_clearfix post-1200 type-post status-publish format-standard has-post-thumbnail hentry category-environnement-durabilite tag-articles-fr tag-conscience-environnementale tag-economie-circulaire tag-mode-durable tag-upcycling-fr tag-zero-dechet has-post-title no-post-date has-post-category has-post-tag no-post-comment no-post-author \">\n\t    \n\t                <figure class=\"post-image tf_clearfix\">\n                                                            <a href=\"https:\/\/www.trendnexus.org\/fr\/environnement-durabilite\/le-upcycling-est-la-maniere-ecologique-de-transformer-les-dechets-en-valeur-1182-8-f\/\">\n                                        <img loading=\"lazy\" decoding=\"async\" width=\"1200\" height=\"686\" src=\"https:\/\/www.trendnexus.org\/wp-content\/uploads\/2024\/08\/Aspects-of-upcycling.-Value-transformed-waste.webp\" class=\"wp-post-image wp-image-1185\" title=\"Aspects of upcycling. Value transformed waste\" alt=\"Aspects of upcycling. Value transformed waste\" srcset=\"https:\/\/www.trendnexus.org\/wp-content\/uploads\/2024\/08\/Aspects-of-upcycling.-Value-transformed-waste.webp 1200w, https:\/\/www.trendnexus.org\/wp-content\/uploads\/2024\/08\/Aspects-of-upcycling.-Value-transformed-waste-300x172.webp 300w, https:\/\/www.trendnexus.org\/wp-content\/uploads\/2024\/08\/Aspects-of-upcycling.-Value-transformed-waste-1024x585-1024x585.webp 1024w, https:\/\/www.trendnexus.org\/wp-content\/uploads\/2024\/08\/Aspects-of-upcycling.-Value-transformed-waste-768x439.webp 768w, https:\/\/www.trendnexus.org\/wp-content\/uploads\/2024\/08\/Aspects-of-upcycling.-Value-transformed-waste-1024x585-561x321.webp 561w\" sizes=\"auto, (max-width: 1200px) 100vw, 1200px\" \/>                                                                    <\/a>\n                                                                <\/figure>\n                    \t<div class=\"post-content\">\n\t\t<div class=\"post-content-inner\">\n\n\t\t\t\n\t\t\t<h2 class=\"post-title entry-title\"><a href=\"https:\/\/www.trendnexus.org\/fr\/environnement-durabilite\/le-upcycling-est-la-maniere-ecologique-de-transformer-les-dechets-en-valeur-1182-8-f\/\">Le upcycling est la mani\u00e8re \u00e9cologique de transformer les d\u00e9chets en valeur<\/a><\/h2>\n\t\t\t\t\t\t\t<p class=\"post-meta entry-meta\">\n\t\t\t\t\t\n\t\t\t\t\t<span class=\"post-category\"><a href=\"https:\/\/www.trendnexus.org\/fr\/categorie\/environnement-durabilite\/\" rel=\"tag\" class=\"term-environnement-durabilite\">Environnement et Durabilit\u00e9<\/a><\/span>\n\t\t\t\t\t\t\t\t\t\t\t <span class=\"post-tag\"><a href=\"https:\/\/www.trendnexus.org\/fr\/etiquette\/articles-fr\/\" rel=\"tag\">Articles<\/a><span class=\"separator\">, <\/span><a href=\"https:\/\/www.trendnexus.org\/fr\/etiquette\/conscience-environnementale\/\" rel=\"tag\">Conscience Environnementale<\/a><span class=\"separator\">, <\/span><a href=\"https:\/\/www.trendnexus.org\/fr\/etiquette\/economie-circulaire\/\" rel=\"tag\">\u00c9conomie Circulaire<\/a><span class=\"separator\">, <\/span><a href=\"https:\/\/www.trendnexus.org\/fr\/etiquette\/mode-durable\/\" rel=\"tag\">Mode Durable<\/a><span class=\"separator\">, <\/span><a href=\"https:\/\/www.trendnexus.org\/fr\/etiquette\/upcycling-fr\/\" rel=\"tag\">Upcycling<\/a><span class=\"separator\">, <\/span><a href=\"https:\/\/www.trendnexus.org\/fr\/etiquette\/zero-dechet\/\" rel=\"tag\">Z\u00e9ro D\u00e9chet<\/a><\/span>\t\t\t\t\t\n\t\t\t\t\t\t\t\t\t<\/p>\n\t\t\t\t<!-- \/post-meta -->\n\t\t\t\n\t\t\t\n\t\t\t        <div class=\"entry-content\">\n\n        \n            <p>D\u00e9couvrez comment le upcycling transforme les d\u00e9chets en ressources pr\u00e9cieuses, soutient la durabilit\u00e9 et cr\u00e9e des opportunit\u00e9s \u00e9conomiques. Explorez les initiatives mondiales et les principaux acteurs qui conduisent cette r\u00e9volution \u00e9cologique.<\/p>\n\n                \n            \n        <\/div><!-- \/.entry-content -->\n        \n\t\t<\/div>\n\t\t<!-- \/.post-content-inner -->\n\t<\/div>\n\t<!-- \/.post-content -->\n\t\n<\/article>\n<!-- \/.post -->\n    <\/div><!-- .builder-posts-wrap -->\n                                <div class=\"pagenav tf_clear tf_box tf_textr tf_clearfix \"> <span class=\"number current\">1<\/span> <a href=\"https:\/\/www.trendnexus.org\/fr\/wp-json\/wp\/v2\/pages\/890\/page\/2\/\" class=\"number\">2<\/a><\/div>                <\/div>\n<!-- \/module post -->\n            <\/div>\n                        <\/div>\n        <\/div>\n        <\/div>\n<!--\/themify_builder_content-->","protected":false},"excerpt":{"rendered":"","protected":false},"author":2,"featured_media":0,"parent":0,"menu_order":0,"comment_status":"closed","ping_status":"closed","template":"","meta":{"footnotes":""},"class_list":["post-890","page","type-page","status-publish","hentry","has-post-title","has-post-date","has-post-category","has-post-tag","has-post-comment","has-post-author",""],"builder_content":"","_links":{"self":[{"href":"https:\/\/www.trendnexus.org\/fr\/wp-json\/wp\/v2\/pages\/890","targetHints":{"allow":["GET"]}}],"collection":[{"href":"https:\/\/www.trendnexus.org\/fr\/wp-json\/wp\/v2\/pages"}],"about":[{"href":"https:\/\/www.trendnexus.org\/fr\/wp-json\/wp\/v2\/types\/page"}],"author":[{"embeddable":true,"href":"https:\/\/www.trendnexus.org\/fr\/wp-json\/wp\/v2\/users\/2"}],"replies":[{"embeddable":true,"href":"https:\/\/www.trendnexus.org\/fr\/wp-json\/wp\/v2\/comments?post=890"}],"version-history":[{"count":8,"href":"https:\/\/www.trendnexus.org\/fr\/wp-json\/wp\/v2\/pages\/890\/revisions"}],"predecessor-version":[{"id":1294,"href":"https:\/\/www.trendnexus.org\/fr\/wp-json\/wp\/v2\/pages\/890\/revisions\/1294"}],"wp:attachment":[{"href":"https:\/\/www.trendnexus.org\/fr\/wp-json\/wp\/v2\/media?parent=890"}],"curies":[{"name":"wp","href":"https:\/\/api.w.org\/{rel}","templated":true}]}}